{"id":256,"date":"2025-04-07T19:59:56","date_gmt":"2025-04-07T17:59:56","guid":{"rendered":"http:\/\/rozowyslon.eu\/?page_id=256"},"modified":"2025-04-07T20:27:40","modified_gmt":"2025-04-07T18:27:40","slug":"o-nas","status":"publish","type":"page","link":"http:\/\/rozowyslon.eu\/?page_id=256","title":{"rendered":"O nas"},"content":{"rendered":"\t\t<div data-elementor-type=\"wp-page\" data-elementor-id=\"256\" class=\"elementor elementor-256\">\n\t\t\t\t<div class=\"elementor-element elementor-element-b3fc242 e-flex e-con-boxed e-con e-parent\" data-id=\"b3fc242\" data-element_type=\"container\">\n\t\t\t\t\t<div class=\"e-con-inner\">\n\t\t<div class=\"elementor-element elementor-element-4cd13b6 e-con-full e-flex e-con e-child\" data-id=\"4cd13b6\" data-element_type=\"container\">\n\t\t\t\t<div class=\"elementor-element elementor-element-ca7ab5e elementor-widget elementor-widget-heading\" data-id=\"ca7ab5e\" data-element_type=\"widget\" data-widget_type=\"heading.default\">\n\t\t\t\t<div class=\"elementor-widget-container\">\n\t\t\t\t\t<h3 class=\"elementor-heading-title elementor-size-default\">NIEPUBLICZNE PRZEDSZKOLE \u201eR\u00d3\u017bOWY S\u0141O\u0143\u201d<\/h3>\t\t\t\t<\/div>\n\t\t\t\t<\/div>\n\t\t\t\t<\/div>\n\t\t<div class=\"elementor-element elementor-element-9986e11 e-con-full e-flex e-con e-child\" data-id=\"9986e11\" data-element_type=\"container\">\n\t\t\t\t<div class=\"elementor-element elementor-element-57adbd5 elementor-widget elementor-widget-heading\" data-id=\"57adbd5\" data-element_type=\"widget\" data-widget_type=\"heading.default\">\n\t\t\t\t<div class=\"elementor-widget-container\">\n\t\t\t\t\t<h3 class=\"elementor-heading-title elementor-size-default\">NIEPUBLICZNE PRZEDSZKOLE R\u00d3\u017bOWY S\u0141O\u0143- ODZIA\u0141 \u017b\u0141OBKOWY<\/h3>\t\t\t\t<\/div>\n\t\t\t\t<\/div>\n\t\t\t\t<\/div>\n\t\t\t\t\t<\/div>\n\t\t\t\t<\/div>\n\t\t<div class=\"elementor-element elementor-element-407fe97 e-flex e-con-boxed e-con e-parent\" data-id=\"407fe97\" data-element_type=\"container\">\n\t\t\t\t\t<div class=\"e-con-inner\">\n\t\t<div class=\"elementor-element elementor-element-efdb211 e-con-full e-flex e-con e-child\" data-id=\"efdb211\" data-element_type=\"container\">\n\t\t\t\t<div class=\"elementor-element elementor-element-f754c08 elementor-widget elementor-widget-text-editor\" data-id=\"f754c08\" data-element_type=\"widget\" data-widget_type=\"text-editor.default\">\n\t\t\t\t<div class=\"elementor-widget-container\">\n\t\t\t\t\t\t\t\t\t<h3><strong>PLAC\u00d3WKA CZYNNA OD 6.30 DO 17.00<\/strong><\/h3><p>OP\u0141ATA ZA PRZEDSZKOLE WYNOSI- <u>CZESNE:<\/u> 350 Z\u0141<\/p><p>\u00a0&#8211;\u00a0 <u>WY\u017bYWIENIE: <\/u>\u00a017 Z\u0141 ZA DZIE\u0143<\/p><p><strong>\u00a0<\/strong><\/p><p><strong>OP\u0141AT\u0118 NALE\u017bY WNIE\u015a\u0106 DO 5-TEGO KA\u017bDEGO MIESI\u0104CA:<\/strong><\/p><p>&#8211; PRZELEWEM NA PODANE KONTO<\/p><p>&#8211; KART\u0104<\/p><p>&#8211; GOT\u00d3WK\u0104<\/p><p><strong>KADRA PRZEDSZKOLA<\/strong><\/p><p><strong><u>NAUCZYCIELE<\/u><\/strong><\/p><p><u>MONIKA WIELGOLEWSKA<\/u> \u2013 GRUPA 6-LATK\u00d3W<\/p><p><u>EDYTA KRAKOWIAK-NOWAK<\/u> \u2013 GRUPA 5- LATK\u00d3W<\/p><p><u>JUSTYNA MICHALSKA-SZPARA<\/u> \u2013 GRUPA 3,4 -LATK\u00d3W<\/p><p><strong><u>OPIEKUNOWIE<\/u><\/strong><\/p><p><u>MA\u0141GORZATA W\u00d3JTOWICZ<\/u><\/p><p><u>BO\u017bENA RADOSZ<\/u><\/p><p><strong><u>ZAJ\u0118CIA DODATKOWE<\/u><\/strong><\/p><p><u>IWONA S\u0104DEL<\/u>&#8211; ZAJ\u0118CIA LOGOPEDYCZNE<\/p><p><u>MARTA \u015aWIRCZ<\/u>&#8211; PSYCHOLOG<\/p><p><u>S\u0141AWOMIR WIATER<\/u>&#8211; GIMNASTYKA KOREKCYJNA Z AKROBATYK\u0104<\/p><p><u>EWELINA PI\u0104TKOWSKA<\/u>&#8211; J\u0118ZYK ANGIELSKI<\/p><p><u>PARK ROBOT\u00d3W<\/u>&#8211; ROBOTYKA<\/p><p><u>JUSTYNA MICHALSKA- SZPARA- TERAPIA R\u0118KI<\/u> (5-LATKI),PEDAGOG SPECJALNY<\/p><p><u>MONIKA WIELGOLEWSKA<\/u>&#8211; TERAPIA R\u0118KI (6-LATKI), BIBLIOTEKA PRZEDSZKOLAKA,<\/p><p>DZIE\u0143 KREATYWNO\u015aCI<\/p><p><u>KATARZYNA PIECHNIAK<\/u>&#8211; JOGA (3,4-LATKI)<\/p><p><u>EDYTA KRAKOWIAK-NOWAK<\/u>&#8211; PEDAGOG SZKOLNY<\/p>\t\t\t\t\t\t\t\t<\/div>\n\t\t\t\t<\/div>\n\t\t\t\t<\/div>\n\t\t<div class=\"elementor-element elementor-element-17f2fa1 e-con-full e-flex e-con e-child\" data-id=\"17f2fa1\" data-element_type=\"container\">\n\t\t\t\t<div class=\"elementor-element elementor-element-128d239 elementor-widget elementor-widget-text-editor\" data-id=\"128d239\" data-element_type=\"widget\" data-widget_type=\"text-editor.default\">\n\t\t\t\t<div class=\"elementor-widget-container\">\n\t\t\t\t\t\t\t\t\t<h3><strong>PLAC\u00d3WKA CZYNNA OD 6.30 DO 16.30<\/strong><\/h3><p>OP\u0141ATA ZA \u017b\u0141OBEK WYNOSI- <u>CZESNE:<\/u> 950 Z\u0141\/PIERWSZE DZIECKO W RODZINIE: 550Z\u0141<\/p><p>&#8211;\u00a0 <u>WY\u017bYWIENIE: <\/u>\u00a015 Z\u0141 ZA DZIE\u0143<\/p><p><strong>\u00a0<\/strong><\/p><p><strong>OP\u0141AT\u0118 NALE\u017bY WNIE\u015a\u0106 DO 5-TEGO KA\u017bDEGO MIESI\u0104CA:<\/strong><\/p><p>&#8211; PRZELEWEM NA PODANE KONTO<\/p><p>&#8211; GOT\u00d3WK\u0104<\/p><h3><strong><u>KADRA \u017b\u0141OBKA<\/u><\/strong><\/h3><p>BARBARA CHMIEL- GRUPA M\u0141ODSZA<\/p><p>EWELINA \u017bUBER-GRUPA M\u0141ODSZA<\/p><p>ELIZA OBR\u0118BSKA- GRUPA STARSZA<\/p><p>MIROS\u0141AWA ST\u0118PI\u0143SKA-GRUPA STARSZA<\/p>\t\t\t\t\t\t\t\t<\/div>\n\t\t\t\t<\/div>\n\t\t\t\t<\/div>\n\t\t\t\t\t<\/div>\n\t\t\t\t<\/div>\n\t\t\t\t<\/div>\n\t\t","protected":false},"excerpt":{"rendered":"<p>NIEPUBLICZNE PRZEDSZKOLE \u201eR\u00d3\u017bOWY S\u0141O\u0143\u201d NIEPUBLICZNE PRZEDSZKOLE R\u00d3\u017bOWY S\u0141O\u0143- ODZIA\u0141 \u017b\u0141OBKOWY PLAC\u00d3WKA CZYNNA OD 6.30 DO 17.00 OP\u0141ATA ZA PRZEDSZKOLE WYNOSI- CZESNE: 350 Z\u0141 \u00a0&#8211;\u00a0 WY\u017bYWIENIE: \u00a017 Z\u0141 ZA DZIE\u0143 \u00a0 OP\u0141AT\u0118 NALE\u017bY WNIE\u015a\u0106 DO 5-TEGO KA\u017bDEGO MIESI\u0104CA: &#8211; PRZELEWEM NA PODANE KONTO &#8211; KART\u0104 &#8211; GOT\u00d3WK\u0104 KADRA PRZEDSZKOLA NAUCZYCIELE MONIKA WIELGOLEWSKA \u2013 GRUPA 6-LATK\u00d3W EDYTA&hellip; <br \/> <a class=\"read-more\" href=\"http:\/\/rozowyslon.eu\/?page_id=256\">Dowiedz si\u0119 wi\u0119cej<\/a><\/p>\n","protected":false},"author":1,"featured_media":0,"parent":0,"menu_order":0,"comment_status":"closed","ping_status":"closed","template":"","meta":{"footnotes":""},"class_list":["post-256","page","type-page","status-publish","hentry"],"_links":{"self":[{"href":"http:\/\/rozowyslon.eu\/index.php?rest_route=\/wp\/v2\/pages\/256","targetHints":{"allow":["GET"]}}],"collection":[{"href":"http:\/\/rozowyslon.eu\/index.php?rest_route=\/wp\/v2\/pages"}],"about":[{"href":"http:\/\/rozowyslon.eu\/index.php?rest_route=\/wp\/v2\/types\/page"}],"author":[{"embeddable":true,"href":"http:\/\/rozowyslon.eu\/index.php?rest_route=\/wp\/v2\/users\/1"}],"replies":[{"embeddable":true,"href":"http:\/\/rozowyslon.eu\/index.php?rest_route=%2Fwp%2Fv2%2Fcomments&post=256"}],"version-history":[{"count":13,"href":"http:\/\/rozowyslon.eu\/index.php?rest_route=\/wp\/v2\/pages\/256\/revisions"}],"predecessor-version":[{"id":280,"href":"http:\/\/rozowyslon.eu\/index.php?rest_route=\/wp\/v2\/pages\/256\/revisions\/280"}],"wp:attachment":[{"href":"http:\/\/rozowyslon.eu\/index.php?rest_route=%2Fwp%2Fv2%2Fmedia&parent=256"}],"curies":[{"name":"wp","href":"https:\/\/api.w.org\/{rel}","templated":true}]}}